{"id":18006,"date":"2020-06-10T09:13:05","date_gmt":"2020-06-10T07:13:05","guid":{"rendered":"https:\/\/www.leoben.at\/?post_type=events&#038;p=18006"},"modified":"2025-11-14T08:27:12","modified_gmt":"2025-11-14T07:27:12","slug":"oberlandler-kirchtag","status":"publish","type":"events","link":"https:\/\/www.leoben.at\/en\/events\/oberlandler-kirchtag\/","title":{"rendered":"Oberlandler Kirchtag"},"content":{"rendered":"","protected":false},"author":2,"featured_media":0,"template":"","facilities":[],"holiday_themes":[],"event_towns":[],"event_locations":[],"class_list":["post-18006","events","type-events","status-publish","hentry"],"acf":[],"yoast_head":"<!-- This site is optimized with the Yoast SEO plugin v27.4 - https:\/\/yoast.com\/product\/yoast-seo-wordpress\/ -->\n<title>Oberlandler Kirchtag - Stadt Leoben<\/title>\n<meta name=\"description\" content=\"Der Oberlandler Kirchtag z\u00e4hlt zu den sch\u00f6nsten Brauchtumsfesten der Obersteiermark mit kulinarischen Schmankerl, erlesenen Getr\u00e4nke und echter steirischer Volksmusik.\" \/>\n<meta name=\"robots\" content=\"index, follow, max-snippet:-1, max-image-preview:large, max-video-preview:-1\" \/>\n<link rel=\"canonical\" href=\"https:\/\/www.leoben.at\/en\/events\/oberlandler-kirchtag\/\" \/>\n<meta property=\"og:locale\" content=\"en_US\" \/>\n<meta property=\"og:type\" content=\"article\" \/>\n<meta property=\"og:title\" content=\"Oberlandler Kirchtag - Stadt Leoben\" \/>\n<meta property=\"og:description\" content=\"Der Oberlandler Kirchtag z\u00e4hlt zu den sch\u00f6nsten Brauchtumsfesten der Obersteiermark. Man darf sich auf kulinarische Schmankerl, erlesene Getr\u00e4nke und echte steirische Volksmusik freuen.\" \/>\n<meta property=\"og:url\" content=\"https:\/\/www.leoben.at\/en\/events\/oberlandler-kirchtag\/\" \/>\n<meta property=\"og:site_name\" content=\"Stadt Leoben\" \/>\n<meta property=\"article:modified_time\" content=\"2025-11-14T07:27:12+00:00\" \/>\n<meta property=\"og:image\" content=\"https:\/\/www.leoben.at\/wp-content\/uploads\/2020\/06\/Oberlandler_Kirchtag_LeobencHelgaDietmaier.jpg\" \/>\n\t<meta property=\"og:image:width\" content=\"1000\" \/>\n\t<meta property=\"og:image:height\" content=\"667\" \/>\n\t<meta property=\"og:image:type\" content=\"image\/jpeg\" \/>\n<meta name=\"twitter:card\" content=\"summary_large_image\" \/>\n<script type=\"application\/ld+json\" class=\"yoast-schema-graph\">{\"@context\":\"https:\\\/\\\/schema.org\",\"@graph\":[{\"@type\":\"WebPage\",\"@id\":\"https:\\\/\\\/www.leoben.at\\\/en\\\/events\\\/oberlandler-kirchtag\\\/\",\"url\":\"https:\\\/\\\/www.leoben.at\\\/en\\\/events\\\/oberlandler-kirchtag\\\/\",\"name\":\"Oberlandler Kirchtag - Stadt Leoben\",\"isPartOf\":{\"@id\":\"https:\\\/\\\/www.leoben.at\\\/en\\\/#website\"},\"datePublished\":\"2020-06-10T07:13:05+00:00\",\"dateModified\":\"2025-11-14T07:27:12+00:00\",\"description\":\"Der Oberlandler Kirchtag z\u00e4hlt zu den sch\u00f6nsten Brauchtumsfesten der Obersteiermark mit kulinarischen Schmankerl, erlesenen Getr\u00e4nke und echter steirischer Volksmusik.\",\"breadcrumb\":{\"@id\":\"https:\\\/\\\/www.leoben.at\\\/en\\\/events\\\/oberlandler-kirchtag\\\/#breadcrumb\"},\"inLanguage\":\"en-US\",\"potentialAction\":[{\"@type\":\"ReadAction\",\"target\":[\"https:\\\/\\\/www.leoben.at\\\/en\\\/events\\\/oberlandler-kirchtag\\\/\"]}]},{\"@type\":\"BreadcrumbList\",\"@id\":\"https:\\\/\\\/www.leoben.at\\\/en\\\/events\\\/oberlandler-kirchtag\\\/#breadcrumb\",\"itemListElement\":[{\"@type\":\"ListItem\",\"position\":1,\"name\":\"Startseite\",\"item\":\"https:\\\/\\\/www.leoben.at\\\/en\\\/startseite\\\/\"},{\"@type\":\"ListItem\",\"position\":2,\"name\":\"Oberlandler Kirchtag\"}]},{\"@type\":\"WebSite\",\"@id\":\"https:\\\/\\\/www.leoben.at\\\/en\\\/#website\",\"url\":\"https:\\\/\\\/www.leoben.at\\\/en\\\/\",\"name\":\"Stadt Leoben\",\"description\":\"Informationen and Services der Stadtverwaltung Leoben\",\"potentialAction\":[{\"@type\":\"SearchAction\",\"target\":{\"@type\":\"EntryPoint\",\"urlTemplate\":\"https:\\\/\\\/www.leoben.at\\\/en\\\/?s={search_term_string}\"},\"query-input\":{\"@type\":\"PropertyValueSpecification\",\"valueRequired\":true,\"valueName\":\"search_term_string\"}}],\"inLanguage\":\"en-US\"}]}<\/script>\n<!-- \/ Yoast SEO plugin. -->","yoast_head_json":{"title":"Oberlandler Kirchtag - Stadt Leoben","description":"Der Oberlandler Kirchtag z\u00e4hlt zu den sch\u00f6nsten Brauchtumsfesten der Obersteiermark mit kulinarischen Schmankerl, erlesenen Getr\u00e4nke und echter steirischer Volksmusik.","robots":{"index":"index","follow":"follow","max-snippet":"max-snippet:-1","max-image-preview":"max-image-preview:large","max-video-preview":"max-video-preview:-1"},"canonical":"https:\/\/www.leoben.at\/en\/events\/oberlandler-kirchtag\/","og_locale":"en_US","og_type":"article","og_title":"Oberlandler Kirchtag - Stadt Leoben","og_description":"Der Oberlandler Kirchtag z\u00e4hlt zu den sch\u00f6nsten Brauchtumsfesten der Obersteiermark. Man darf sich auf kulinarische Schmankerl, erlesene Getr\u00e4nke und echte steirische Volksmusik freuen.","og_url":"https:\/\/www.leoben.at\/en\/events\/oberlandler-kirchtag\/","og_site_name":"Stadt Leoben","article_modified_time":"2025-11-14T07:27:12+00:00","og_image":[{"width":1000,"height":667,"url":"https:\/\/www.leoben.at\/wp-content\/uploads\/2020\/06\/Oberlandler_Kirchtag_LeobencHelgaDietmaier.jpg","type":"image\/jpeg"}],"twitter_card":"summary_large_image","schema":{"@context":"https:\/\/schema.org","@graph":[{"@type":"WebPage","@id":"https:\/\/www.leoben.at\/en\/events\/oberlandler-kirchtag\/","url":"https:\/\/www.leoben.at\/en\/events\/oberlandler-kirchtag\/","name":"Oberlandler Kirchtag - Stadt Leoben","isPartOf":{"@id":"https:\/\/www.leoben.at\/en\/#website"},"datePublished":"2020-06-10T07:13:05+00:00","dateModified":"2025-11-14T07:27:12+00:00","description":"Der Oberlandler Kirchtag z\u00e4hlt zu den sch\u00f6nsten Brauchtumsfesten der Obersteiermark mit kulinarischen Schmankerl, erlesenen Getr\u00e4nke und echter steirischer Volksmusik.","breadcrumb":{"@id":"https:\/\/www.leoben.at\/en\/events\/oberlandler-kirchtag\/#breadcrumb"},"inLanguage":"en-US","potentialAction":[{"@type":"ReadAction","target":["https:\/\/www.leoben.at\/en\/events\/oberlandler-kirchtag\/"]}]},{"@type":"BreadcrumbList","@id":"https:\/\/www.leoben.at\/en\/events\/oberlandler-kirchtag\/#breadcrumb","itemListElement":[{"@type":"ListItem","position":1,"name":"Startseite","item":"https:\/\/www.leoben.at\/en\/startseite\/"},{"@type":"ListItem","position":2,"name":"Oberlandler Kirchtag"}]},{"@type":"WebSite","@id":"https:\/\/www.leoben.at\/en\/#website","url":"https:\/\/www.leoben.at\/en\/","name":"Stadt Leoben","description":"Informationen and Services der Stadtverwaltung Leoben","potentialAction":[{"@type":"SearchAction","target":{"@type":"EntryPoint","urlTemplate":"https:\/\/www.leoben.at\/en\/?s={search_term_string}"},"query-input":{"@type":"PropertyValueSpecification","valueRequired":true,"valueName":"search_term_string"}}],"inLanguage":"en-US"}]}},"_links":{"self":[{"href":"https:\/\/www.leoben.at\/en\/wp-json\/wp\/v2\/events\/18006","targetHints":{"allow":["GET"]}}],"collection":[{"href":"https:\/\/www.leoben.at\/en\/wp-json\/wp\/v2\/events"}],"about":[{"href":"https:\/\/www.leoben.at\/en\/wp-json\/wp\/v2\/types\/events"}],"author":[{"embeddable":true,"href":"https:\/\/www.leoben.at\/en\/wp-json\/wp\/v2\/users\/2"}],"version-history":[{"count":20,"href":"https:\/\/www.leoben.at\/en\/wp-json\/wp\/v2\/events\/18006\/revisions"}],"predecessor-version":[{"id":78214,"href":"https:\/\/www.leoben.at\/en\/wp-json\/wp\/v2\/events\/18006\/revisions\/78214"}],"wp:attachment":[{"href":"https:\/\/www.leoben.at\/en\/wp-json\/wp\/v2\/media?parent=18006"}],"wp:term":[{"taxonomy":"facilities","embeddable":true,"href":"https:\/\/www.leoben.at\/en\/wp-json\/wp\/v2\/facilities?post=18006"},{"taxonomy":"holiday_themes","embeddable":true,"href":"https:\/\/www.leoben.at\/en\/wp-json\/wp\/v2\/holiday_themes?post=18006"},{"taxonomy":"event_towns","embeddable":true,"href":"https:\/\/www.leoben.at\/en\/wp-json\/wp\/v2\/event_towns?post=18006"},{"taxonomy":"event_locations","embeddable":true,"href":"https:\/\/www.leoben.at\/en\/wp-json\/wp\/v2\/event_locations?post=18006"}],"curies":[{"name":"wp","href":"https:\/\/api.w.org\/{rel}","templated":true}]}}